{"id":58872,"date":"2022-11-16T11:15:26","date_gmt":"2022-11-16T11:15:26","guid":{"rendered":"https:\/\/www.aprh.pt\/?page_id=58872"},"modified":"2023-02-07T12:24:33","modified_gmt":"2023-02-07T12:24:33","slug":"16o-congresso-da-agua-comissoes","status":"publish","type":"page","link":"https:\/\/aprh.pt\/pt\/16o-congresso-da-agua-comissoes\/","title":{"rendered":"16\u00ba Congresso da \u00c1gua &#8211; Comiss\u00f5es"},"content":{"rendered":"\t\t<div data-elementor-type=\"wp-page\" data-elementor-id=\"58872\" class=\"elementor elementor-58872\" data-elementor-post-type=\"page\">\n\t\t\t\t\t\t<header class=\"elementor-section elementor-top-section elementor-element elementor-element-18c3f811 elementor-section-full_width elementor-section-height-min-height elementor-section-content-middle elementor-section-height-default elementor-section-items-middle\" data-id=\"18c3f811\" data-element_type=\"section\">\n\t\t\t\t\t\t<div class=\"elementor-container elementor-column-gap-no\">\n\t\t\t\t\t<div class=\"elementor-column elementor-col-100 elementor-top-column elementor-element elementor-element-47916c8c\" data-id=\"47916c8c\" data-element_type=\"column\">\n\t\t\t<div class=\"elementor-widget-wrap elementor-element-populated\">\n\t\t\t\t\t\t<div class=\"elementor-element elementor-element-890df74 elementor-widget elementor-widget-image\" data-id=\"890df74\" data-element_type=\"widget\" data-widget_type=\"image.default\">\n\t\t\t\t<div class=\"elementor-widget-container\">\n\t\t\t\t\t\t\t\t\t\t\t\t\t\t<a href=\"https:\/\/aprh.pt\/pt\/16ca\/\">\n\t\t\t\t\t\t\t<img fetchpriority=\"high\" decoding=\"async\" width=\"500\" height=\"140\" src=\"https:\/\/aprh.pt\/wp-content\/uploads\/2022\/11\/JPG3.jpg\" class=\"attachment-full size-full wp-image-58875\" alt=\"\" srcset=\"https:\/\/aprh.pt\/wp-content\/uploads\/2022\/11\/JPG3.jpg 500w, https:\/\/aprh.pt\/wp-content\/uploads\/2022\/11\/JPG3-300x84.jpg 300w\" sizes=\"(max-width: 500px) 100vw, 500px\" \/>\t\t\t\t\t\t\t\t<\/a>\n\t\t\t\t\t\t\t\t\t\t\t\t\t<\/div>\n\t\t\t\t<\/div>\n\t\t\t\t<div class=\"elementor-element elementor-element-1686c06 elementor-widget elementor-widget-spacer\" data-id=\"1686c06\" data-element_type=\"widget\" data-widget_type=\"spacer.default\">\n\t\t\t\t<div class=\"elementor-widget-container\">\n\t\t\t\t\t<div class=\"elementor-spacer\">\n\t\t\t<div class=\"elementor-spacer-inner\"><\/div>\n\t\t<\/div>\n\t\t\t\t<\/div>\n\t\t\t\t<\/div>\n\t\t\t\t\t<\/div>\n\t\t<\/div>\n\t\t\t\t\t<\/div>\n\t\t<\/header>\n\t\t\t\t<section class=\"elementor-section elementor-top-section elementor-element elementor-element-fde6c92 elementor-section-boxed elementor-section-height-default elementor-section-height-default\" data-id=\"fde6c92\" data-element_type=\"section\">\n\t\t\t\t\t\t<div class=\"elementor-container elementor-column-gap-default\">\n\t\t\t\t\t<div class=\"elementor-column elementor-col-25 elementor-top-column elementor-element elementor-element-caf73a0\" data-id=\"caf73a0\" data-element_type=\"column\">\n\t\t\t<div class=\"elementor-widget-wrap\">\n\t\t\t\t\t\t\t<\/div>\n\t\t<\/div>\n\t\t\t\t<div class=\"elementor-column elementor-col-50 elementor-top-column elementor-element elementor-element-33d5e11\" data-id=\"33d5e11\" data-element_type=\"column\">\n\t\t\t<div class=\"elementor-widget-wrap elementor-element-populated\">\n\t\t\t\t\t\t<div class=\"elementor-element elementor-element-f744f5c elementor-widget elementor-widget-heading\" data-id=\"f744f5c\" data-element_type=\"widget\" data-widget_type=\"heading.default\">\n\t\t\t\t<div class=\"elementor-widget-container\">\n\t\t\t<h2 class=\"elementor-heading-title elementor-size-default\">Comiss\u00e3o de Honra<\/h2>\t\t<\/div>\n\t\t\t\t<\/div>\n\t\t\t\t<div class=\"elementor-element elementor-element-6829293 elementor-widget elementor-widget-text-editor\" data-id=\"6829293\" data-element_type=\"widget\" data-widget_type=\"text-editor.default\">\n\t\t\t\t<div class=\"elementor-widget-container\">\n\t\t\t\t\t\t\t<p>(At\u00e9 \u00e0 data)<\/p>\t\t\t\t\t\t<\/div>\n\t\t\t\t<\/div>\n\t\t\t\t<div class=\"elementor-element elementor-element-484f17e elementor-widget elementor-widget-text-editor\" data-id=\"484f17e\" data-element_type=\"widget\" data-widget_type=\"text-editor.default\">\n\t\t\t\t<div class=\"elementor-widget-container\">\n\t\t\t\t\t\t\t<p><strong>Ministro do Ambiente e da A\u00e7\u00e3o Clim\u00e1tica<\/strong><br \/>Dr. Duarte Cordeiro<\/p><p><strong>Ministro da Economia e do Mar<\/strong><br \/>Eng.\u00ba Ant\u00f3nio Costa Silva<\/p><p><strong>Ministra da Agricultura e da Alimenta\u00e7\u00e3o<\/strong><br \/>Dra.Maria do C\u00e9u Antunes<\/p><p><strong>Baston\u00e1rio da Ordem dos Engenheiros<\/strong><br \/>Eng.\u00ba Fernando Manuel de Almeida Santos<\/p><p><strong>Presidente do Laborat\u00f3rio Nacional de Engenharia Civil<\/strong><br \/>Eng.\u00aa Laura Caldeira<\/p><p><strong>Representante da Associa\u00e7\u00e3o Cabo-Verdiana de Recursos H\u00eddricos<\/strong><br \/>Dra. Elizabeth Furtado &#8211; ACRH<\/p><p><strong>Presidente da AQUASHARE &#8211; Mo\u00e7ambique<br \/><\/strong> Eng.\u00ba Bento Mualoja<\/p><p><strong>Presidente da Associa\u00e7\u00e3o Portuguesa de Engenharia Sanit\u00e1ria e Ambiental APESB<\/strong><br \/>Prof. L\u00edgia Pinto<\/p><p><strong>Presidente da Associa\u00e7\u00e3o Portuguesa de Distribui\u00e7\u00e3o e Dreagem de \u00c1guas &#8211; APDA<\/strong><br \/>Eng.\u00ba Rui Godinho<\/p>\t\t\t\t\t\t<\/div>\n\t\t\t\t<\/div>\n\t\t\t\t\t<\/div>\n\t\t<\/div>\n\t\t\t\t<div class=\"elementor-column elementor-col-25 elementor-top-column elementor-element elementor-element-5396e29\" data-id=\"5396e29\" data-element_type=\"column\">\n\t\t\t<div class=\"elementor-widget-wrap\">\n\t\t\t\t\t\t\t<\/div>\n\t\t<\/div>\n\t\t\t\t\t<\/div>\n\t\t<\/section>\n\t\t\t\t<section class=\"elementor-section elementor-top-section elementor-element elementor-element-e68dc7f elementor-section-boxed elementor-section-height-default elementor-section-height-default\" data-id=\"e68dc7f\" data-element_type=\"section\">\n\t\t\t\t\t\t<div class=\"elementor-container elementor-column-gap-default\">\n\t\t\t\t\t<div class=\"elementor-column elementor-col-25 elementor-top-column elementor-element elementor-element-9f79291\" data-id=\"9f79291\" data-element_type=\"column\">\n\t\t\t<div class=\"elementor-widget-wrap\">\n\t\t\t\t\t\t\t<\/div>\n\t\t<\/div>\n\t\t\t\t<div class=\"elementor-column elementor-col-50 elementor-top-column elementor-element elementor-element-131af11\" data-id=\"131af11\" data-element_type=\"column\">\n\t\t\t<div class=\"elementor-widget-wrap elementor-element-populated\">\n\t\t\t\t\t\t<div class=\"elementor-element elementor-element-3c8e38f elementor-widget elementor-widget-heading\" data-id=\"3c8e38f\" data-element_type=\"widget\" data-widget_type=\"heading.default\">\n\t\t\t\t<div class=\"elementor-widget-container\">\n\t\t\t<h2 class=\"elementor-heading-title elementor-size-default\">Comiss\u00e3o Organizadora<\/h2>\t\t<\/div>\n\t\t\t\t<\/div>\n\t\t\t\t<div class=\"elementor-element elementor-element-e9dd1b6 elementor-widget elementor-widget-text-editor\" data-id=\"e9dd1b6\" data-element_type=\"widget\" data-widget_type=\"text-editor.default\">\n\t\t\t\t<div class=\"elementor-widget-container\">\n\t\t\t\t\t\t\t<p><strong>Presidente:<\/strong> Carlos Coelho<\/p><p><strong>Membros:<\/strong><br \/>Cl\u00e1udia Brand\u00e3o<br \/>Jorge Cardoso Gon\u00e7alves<br \/>Ana Estela Barbosa<br \/>Carla Antunes<br \/>Susana Neto<br \/>Paulo Rosa Santos<br \/>Ricardo Gomes<br \/>Jo\u00e3o Filipe Santos<br \/>Ana Est\u00eav\u00e3o (Secretariado)<\/p>\t\t\t\t\t\t<\/div>\n\t\t\t\t<\/div>\n\t\t\t\t\t<\/div>\n\t\t<\/div>\n\t\t\t\t<div class=\"elementor-column elementor-col-25 elementor-top-column elementor-element elementor-element-3c12f08\" data-id=\"3c12f08\" data-element_type=\"column\">\n\t\t\t<div class=\"elementor-widget-wrap\">\n\t\t\t\t\t\t\t<\/div>\n\t\t<\/div>\n\t\t\t\t\t<\/div>\n\t\t<\/section>\n\t\t\t\t<section class=\"elementor-section elementor-top-section elementor-element elementor-element-ed3399b elementor-section-boxed elementor-section-height-default elementor-section-height-default\" data-id=\"ed3399b\" data-element_type=\"section\">\n\t\t\t\t\t\t<div class=\"elementor-container elementor-column-gap-default\">\n\t\t\t\t\t<div class=\"elementor-column elementor-col-25 elementor-top-column elementor-element elementor-element-1e34e59\" data-id=\"1e34e59\" data-element_type=\"column\">\n\t\t\t<div class=\"elementor-widget-wrap\">\n\t\t\t\t\t\t\t<\/div>\n\t\t<\/div>\n\t\t\t\t<div class=\"elementor-column elementor-col-50 elementor-top-column elementor-element elementor-element-62eaa94\" data-id=\"62eaa94\" data-element_type=\"column\">\n\t\t\t<div class=\"elementor-widget-wrap elementor-element-populated\">\n\t\t\t\t\t\t<div class=\"elementor-element elementor-element-c8b0ca8 elementor-widget elementor-widget-heading\" data-id=\"c8b0ca8\" data-element_type=\"widget\" data-widget_type=\"heading.default\">\n\t\t\t\t<div class=\"elementor-widget-container\">\n\t\t\t<h2 class=\"elementor-heading-title elementor-size-default\">Comiss\u00e3o Cient\u00edfica<\/h2>\t\t<\/div>\n\t\t\t\t<\/div>\n\t\t\t\t<section class=\"elementor-section elementor-inner-section elementor-element elementor-element-1269a71 elementor-section-boxed elementor-section-height-default elementor-section-height-default\" data-id=\"1269a71\" data-element_type=\"section\">\n\t\t\t\t\t\t<div class=\"elementor-container elementor-column-gap-default\">\n\t\t\t\t\t<div class=\"elementor-column elementor-col-50 elementor-inner-column elementor-element elementor-element-e2d985b\" data-id=\"e2d985b\" data-element_type=\"column\">\n\t\t\t<div class=\"elementor-widget-wrap elementor-element-populated\">\n\t\t\t\t\t\t<div class=\"elementor-element elementor-element-d311025 elementor-widget elementor-widget-text-editor\" data-id=\"d311025\" data-element_type=\"widget\" data-widget_type=\"text-editor.default\">\n\t\t\t\t<div class=\"elementor-widget-container\">\n\t\t\t\t\t\t\t<p><strong>Presidente:<\/strong> Jos\u00e9 Manuel Gon\u00e7alves<\/p><p><strong>Vice-Presidentes:<\/strong> <br \/>Jos\u00e9 Lu\u00eds Pinho<br \/>Jos\u00e9 Maria Santos<\/p><p><strong>Membros:<\/strong><br \/>Ana Carla Garcia (CEZCM)<br \/>Ana Margarida Bento (CEHF)<br \/>Ana Margarida Ricardo (CEHF)<br \/>Ant\u00f3nio S\u00e1 da Costa (CEAE)<br \/>Carina Almeida (CEQAE)<br \/>Carlos Miranda Rodrigues (CEAAF)<br \/>Cl\u00e1udia Cordovil (CEATC)<br \/>Cristina Martins (CEATC)<br \/>D\u00e1lia Loureiro (CESA)<br \/>Eduardo Vivas (CESA)<br \/>Elsa Alves (CEHF)<br \/>Filipa Oliveira (CEZCM)<br \/>Francisco Carvalho (CEAE)<br \/>Francisco Godinho (CEQAE)<br \/>Francisco Taveira Pinto (CEZCM) <br \/>Gon\u00e7alo Rodrigues (CEAAF)<br \/>Isabel Boavida (CEQAE)<br \/>Jo\u00e3o Fernandes (CEHF)<\/p>\t\t\t\t\t\t<\/div>\n\t\t\t\t<\/div>\n\t\t\t\t\t<\/div>\n\t\t<\/div>\n\t\t\t\t<div class=\"elementor-column elementor-col-50 elementor-inner-column elementor-element elementor-element-32f34d1\" data-id=\"32f34d1\" data-element_type=\"column\">\n\t\t\t<div class=\"elementor-widget-wrap elementor-element-populated\">\n\t\t\t\t\t\t<div class=\"elementor-element elementor-element-c41ad12 elementor-widget elementor-widget-text-editor\" data-id=\"c41ad12\" data-element_type=\"widget\" data-widget_type=\"text-editor.default\">\n\t\t\t\t<div class=\"elementor-widget-container\">\n\t\t\t\t\t\t\t<p>Jorge Duque (CEAS)<br \/>Jos\u00e9 Manuel Salvado (CEAAF)<br \/>Jos\u00e9 Paulo Monteiro (CEAS)<br \/>Lu\u00eds David (CESA)<br \/>Lu\u00edsa Pinto (CEAAF)<br \/>Manuel Abrunhosa (CEAS)<br \/>Manuela Lima (CEHF)<br \/>Manuela Portela (CEAE)<br \/>M\u00e1rcia Lima (CEZCM)<br \/>Maria Manuela Sim\u00f5es(CEAS)<br \/>Maria Paula Mendes (CEAS)<br \/>Maria Vale (CEATC)<br \/>Nelson Carri\u00e7o (CESA)<br \/>Oct\u00e1vio Almeida (CESA)<br \/>\u00d3scar Ferreira (CEZCM)<br \/>Paula Antunes (CEATC)<br \/>Pedro Manso (CEAE)<br \/>Ramiro Neves (CEZCM)<br \/>Rui Cortes (CEQAE)<br \/>Rui Miguel Madeira Lan\u00e7a (CEZCM)<br \/>Rui Reis (CEATC)<br \/>Teresa David (CEAAF)<br \/>Teresa Fid\u00e9lis (CEZCM)<br \/>Tiago Ferradosa (CEAE\/CEZCM)<\/p>\t\t\t\t\t\t<\/div>\n\t\t\t\t<\/div>\n\t\t\t\t\t<\/div>\n\t\t<\/div>\n\t\t\t\t\t<\/div>\n\t\t<\/section>\n\t\t\t\t\t<\/div>\n\t\t<\/div>\n\t\t\t\t<div class=\"elementor-column elementor-col-25 elementor-top-column elementor-element elementor-element-7e8c406\" data-id=\"7e8c406\" data-element_type=\"column\">\n\t\t\t<div class=\"elementor-widget-wrap\">\n\t\t\t\t\t\t\t<\/div>\n\t\t<\/div>\n\t\t\t\t\t<\/div>\n\t\t<\/section>\n\t\t\t\t<footer class=\"elementor-section elementor-top-section elementor-element elementor-element-f460ce3 elementor-section-full_width elementor-section-content-middle elementor-section-height-default elementor-section-height-default\" data-id=\"f460ce3\" data-element_type=\"section\">\n\t\t\t\t\t\t<div class=\"elementor-container elementor-column-gap-no\">\n\t\t\t\t\t<div class=\"elementor-column elementor-col-25 elementor-top-column elementor-element elementor-element-462c9d21\" data-id=\"462c9d21\" data-element_type=\"column\">\n\t\t\t<div class=\"elementor-widget-wrap elementor-element-populated\">\n\t\t\t\t\t\t<div class=\"elementor-element elementor-element-633edea elementor-widget elementor-widget-image\" data-id=\"633edea\" data-element_type=\"widget\" data-widget_type=\"image.default\">\n\t\t\t\t<div class=\"elementor-widget-container\">\n\t\t\t\t\t\t\t\t\t\t\t\t\t<img decoding=\"async\" width=\"1949\" height=\"965\" src=\"https:\/\/aprh.pt\/wp-content\/uploads\/2022\/10\/APRH_45anos_cor.jpg\" class=\"attachment-full size-full wp-image-51465\" alt=\"\" srcset=\"https:\/\/aprh.pt\/wp-content\/uploads\/2022\/10\/APRH_45anos_cor.jpg 1949w, https:\/\/aprh.pt\/wp-content\/uploads\/2022\/10\/APRH_45anos_cor-300x149.jpg 300w, https:\/\/aprh.pt\/wp-content\/uploads\/2022\/10\/APRH_45anos_cor-1024x507.jpg 1024w, https:\/\/aprh.pt\/wp-content\/uploads\/2022\/10\/APRH_45anos_cor-768x380.jpg 768w, https:\/\/aprh.pt\/wp-content\/uploads\/2022\/10\/APRH_45anos_cor-1536x761.jpg 1536w\" sizes=\"(max-width: 1949px) 100vw, 1949px\" \/>\t\t\t\t\t\t\t\t\t\t\t\t\t<\/div>\n\t\t\t\t<\/div>\n\t\t\t\t\t<\/div>\n\t\t<\/div>\n\t\t\t\t<div class=\"elementor-column elementor-col-50 elementor-top-column elementor-element elementor-element-55f41470\" data-id=\"55f41470\" data-element_type=\"column\">\n\t\t\t<div class=\"elementor-widget-wrap elementor-element-populated\">\n\t\t\t\t\t\t<div class=\"elementor-element elementor-element-46eebfe elementor-icon-list--layout-inline elementor-tablet-align-center elementor-align-center elementor-list-item-link-full_width elementor-widget elementor-widget-icon-list\" data-id=\"46eebfe\" data-element_type=\"widget\" data-widget_type=\"icon-list.default\">\n\t\t\t\t<div class=\"elementor-widget-container\">\n\t\t\t\t\t<ul class=\"elementor-icon-list-items elementor-inline-items\">\n\t\t\t\t\t\t\t<li class=\"elementor-icon-list-item elementor-inline-item\">\n\t\t\t\t\t\t\t\t\t\t<span class=\"elementor-icon-list-text\">APRH<\/span>\n\t\t\t\t\t\t\t\t\t<\/li>\n\t\t\t\t\t\t\t\t<li class=\"elementor-icon-list-item elementor-inline-item\">\n\t\t\t\t\t\t\t\t\t\t<span class=\"elementor-icon-list-text\">a\/c LNEC - Av. do Brasil, 101<\/span>\n\t\t\t\t\t\t\t\t\t<\/li>\n\t\t\t\t\t\t\t\t<li class=\"elementor-icon-list-item elementor-inline-item\">\n\t\t\t\t\t\t\t\t\t\t<span class=\"elementor-icon-list-text\">1700-066 LISBOA<\/span>\n\t\t\t\t\t\t\t\t\t<\/li>\n\t\t\t\t\t\t<\/ul>\n\t\t\t\t<\/div>\n\t\t\t\t<\/div>\n\t\t\t\t\t<\/div>\n\t\t<\/div>\n\t\t\t\t<div class=\"elementor-column elementor-col-25 elementor-top-column elementor-element elementor-element-5b597c19\" data-id=\"5b597c19\" data-element_type=\"column\">\n\t\t\t<div class=\"elementor-widget-wrap elementor-element-populated\">\n\t\t\t\t\t\t<div class=\"elementor-element elementor-element-23c28fba e-grid-align-right e-grid-align-tablet-right e-grid-align-mobile-center elementor-widget-mobile__width-inherit elementor-shape-rounded elementor-grid-0 elementor-widget elementor-widget-social-icons\" data-id=\"23c28fba\" data-element_type=\"widget\" data-widget_type=\"social-icons.default\">\n\t\t\t\t<div class=\"elementor-widget-container\">\n\t\t\t\t\t<div class=\"elementor-social-icons-wrapper elementor-grid\">\n\t\t\t\t\t\t\t<span class=\"elementor-grid-item\">\n\t\t\t\t\t<a class=\"elementor-icon elementor-social-icon elementor-social-icon-facebook-f elementor-repeater-item-3f1b7ac\" href=\"https:\/\/www.facebook.com\/aprh.pt\" target=\"_blank\">\n\t\t\t\t\t\t<span class=\"elementor-screen-only\">Facebook-f<\/span>\n\t\t\t\t\t\t<i class=\"fab fa-facebook-f\"><\/i>\t\t\t\t\t<\/a>\n\t\t\t\t<\/span>\n\t\t\t\t\t\t\t<span class=\"elementor-grid-item\">\n\t\t\t\t\t<a class=\"elementor-icon elementor-social-icon elementor-social-icon-linkedin elementor-repeater-item-5c0ce3c\" href=\"https:\/\/www.linkedin.com\/company\/2486887\/admin\/\" target=\"_blank\">\n\t\t\t\t\t\t<span class=\"elementor-screen-only\">Linkedin<\/span>\n\t\t\t\t\t\t<i class=\"fab fa-linkedin\"><\/i>\t\t\t\t\t<\/a>\n\t\t\t\t<\/span>\n\t\t\t\t\t\t\t<span class=\"elementor-grid-item\">\n\t\t\t\t\t<a class=\"elementor-icon elementor-social-icon elementor-social-icon-youtube elementor-repeater-item-828f132\" href=\"https:\/\/www.youtube.com\/user\/aprhgeral\" target=\"_blank\">\n\t\t\t\t\t\t<span class=\"elementor-screen-only\">Youtube<\/span>\n\t\t\t\t\t\t<i class=\"fab fa-youtube\"><\/i>\t\t\t\t\t<\/a>\n\t\t\t\t<\/span>\n\t\t\t\t\t\t\t<span class=\"elementor-grid-item\">\n\t\t\t\t\t<a class=\"elementor-icon elementor-social-icon elementor-social-icon-twitter elementor-repeater-item-49e48c7\" href=\"https:\/\/twitter.com\/aprh_pt\" target=\"_blank\">\n\t\t\t\t\t\t<span class=\"elementor-screen-only\">Twitter<\/span>\n\t\t\t\t\t\t<i class=\"fab fa-twitter\"><\/i>\t\t\t\t\t<\/a>\n\t\t\t\t<\/span>\n\t\t\t\t\t<\/div>\n\t\t\t\t<\/div>\n\t\t\t\t<\/div>\n\t\t\t\t\t<\/div>\n\t\t<\/div>\n\t\t\t\t\t<\/div>\n\t\t<\/footer>\n\t\t\t\t<section class=\"elementor-section elementor-top-section elementor-element elementor-element-7fda2f1d elementor-section-height-min-height elementor-section-content-middle elementor-section-full_width elementor-section-height-default elementor-section-items-middle\" data-id=\"7fda2f1d\" data-element_type=\"section\" data-settings=\"{&quot;background_background&quot;:&quot;classic&quot;}\">\n\t\t\t\t\t\t<div class=\"elementor-container elementor-column-gap-no\">\n\t\t\t\t\t<div class=\"elementor-column elementor-col-100 elementor-top-column elementor-element elementor-element-feaa457\" data-id=\"feaa457\" data-element_type=\"column\">\n\t\t\t<div class=\"elementor-widget-wrap elementor-element-populated\">\n\t\t\t\t\t\t<div class=\"elementor-element elementor-element-7dad7763 elementor-widget elementor-widget-heading\" data-id=\"7dad7763\" data-element_type=\"widget\" data-widget_type=\"heading.default\">\n\t\t\t\t<div class=\"elementor-widget-container\">\n\t\t\t<p class=\"elementor-heading-title elementor-size-default\">\u00a9 2022 APRH<\/p>\t\t<\/div>\n\t\t\t\t<\/div>\n\t\t\t\t\t<\/div>\n\t\t<\/div>\n\t\t\t\t\t<\/div>\n\t\t<\/section>\n\t\t\t\t<\/div>\n\t\t","protected":false},"excerpt":{"rendered":"<p>Comiss\u00e3o de Honra (At\u00e9 \u00e0 data) Ministro do Ambiente e da A\u00e7\u00e3o Clim\u00e1ticaDr. Duarte Cordeiro Ministro da Economia e do MarEng.\u00ba Ant\u00f3nio Costa Silva Ministra da Agricultura e da Alimenta\u00e7\u00e3oDra.Maria do C\u00e9u Antunes Baston\u00e1rio da Ordem dos EngenheirosEng.\u00ba Fernando Manuel de Almeida Santos Presidente do Laborat\u00f3rio Nacional de Engenharia CivilEng.\u00aa Laura Caldeira Representante da Associa\u00e7\u00e3o [&hellip;]<\/p>\n","protected":false},"author":2,"featured_media":0,"parent":0,"menu_order":0,"comment_status":"closed","ping_status":"closed","template":"elementor_canvas","meta":{"footnotes":""},"class_list":["post-58872","page","type-page","status-publish","hentry"],"yoast_head":"<!-- This site is optimized with the Yoast SEO plugin v23.8 - https:\/\/yoast.com\/wordpress\/plugins\/seo\/ -->\n<title>16\u00ba Congresso da \u00c1gua - Comiss\u00f5es - APRH<\/title>\n<meta name=\"robots\" content=\"index, follow, max-snippet:-1, max-image-preview:large, max-video-preview:-1\" \/>\n<link rel=\"canonical\" href=\"https:\/\/aprh.pt\/pt\/16o-congresso-da-agua-comissoes\/\" \/>\n<meta property=\"og:locale\" content=\"pt_PT\" \/>\n<meta property=\"og:type\" content=\"article\" \/>\n<meta property=\"og:title\" content=\"16\u00ba Congresso da \u00c1gua - Comiss\u00f5es - APRH\" \/>\n<meta property=\"og:description\" content=\"Comiss\u00e3o de Honra (At\u00e9 \u00e0 data) Ministro do Ambiente e da A\u00e7\u00e3o Clim\u00e1ticaDr. Duarte Cordeiro Ministro da Economia e do MarEng.\u00ba Ant\u00f3nio Costa Silva Ministra da Agricultura e da Alimenta\u00e7\u00e3oDra.Maria do C\u00e9u Antunes Baston\u00e1rio da Ordem dos EngenheirosEng.\u00ba Fernando Manuel de Almeida Santos Presidente do Laborat\u00f3rio Nacional de Engenharia CivilEng.\u00aa Laura Caldeira Representante da Associa\u00e7\u00e3o [&hellip;]\" \/>\n<meta property=\"og:url\" content=\"https:\/\/aprh.pt\/pt\/16o-congresso-da-agua-comissoes\/\" \/>\n<meta property=\"og:site_name\" content=\"APRH\" \/>\n<meta property=\"article:modified_time\" content=\"2023-02-07T12:24:33+00:00\" \/>\n<meta property=\"og:image\" content=\"https:\/\/www.aprh.pt\/wp-content\/uploads\/2022\/11\/JPG3.jpg\" \/>\n<meta name=\"twitter:card\" content=\"summary_large_image\" \/>\n<meta name=\"twitter:label1\" content=\"Tempo estimado de leitura\" \/>\n\t<meta name=\"twitter:data1\" content=\"3 minutos\" \/>\n<script type=\"application\/ld+json\" class=\"yoast-schema-graph\">{\"@context\":\"https:\/\/schema.org\",\"@graph\":[{\"@type\":\"WebPage\",\"@id\":\"https:\/\/aprh.pt\/pt\/16o-congresso-da-agua-comissoes\/\",\"url\":\"https:\/\/aprh.pt\/pt\/16o-congresso-da-agua-comissoes\/\",\"name\":\"16\u00ba Congresso da \u00c1gua - Comiss\u00f5es - APRH\",\"isPartOf\":{\"@id\":\"https:\/\/aprh.pt\/pt\/#website\"},\"primaryImageOfPage\":{\"@id\":\"https:\/\/aprh.pt\/pt\/16o-congresso-da-agua-comissoes\/#primaryimage\"},\"image\":{\"@id\":\"https:\/\/aprh.pt\/pt\/16o-congresso-da-agua-comissoes\/#primaryimage\"},\"thumbnailUrl\":\"https:\/\/www.aprh.pt\/wp-content\/uploads\/2022\/11\/JPG3.jpg\",\"datePublished\":\"2022-11-16T11:15:26+00:00\",\"dateModified\":\"2023-02-07T12:24:33+00:00\",\"breadcrumb\":{\"@id\":\"https:\/\/aprh.pt\/pt\/16o-congresso-da-agua-comissoes\/#breadcrumb\"},\"inLanguage\":\"pt-PT\",\"potentialAction\":[{\"@type\":\"ReadAction\",\"target\":[\"https:\/\/aprh.pt\/pt\/16o-congresso-da-agua-comissoes\/\"]}]},{\"@type\":\"ImageObject\",\"inLanguage\":\"pt-PT\",\"@id\":\"https:\/\/aprh.pt\/pt\/16o-congresso-da-agua-comissoes\/#primaryimage\",\"url\":\"https:\/\/www.aprh.pt\/wp-content\/uploads\/2022\/11\/JPG3.jpg\",\"contentUrl\":\"https:\/\/www.aprh.pt\/wp-content\/uploads\/2022\/11\/JPG3.jpg\"},{\"@type\":\"BreadcrumbList\",\"@id\":\"https:\/\/aprh.pt\/pt\/16o-congresso-da-agua-comissoes\/#breadcrumb\",\"itemListElement\":[{\"@type\":\"ListItem\",\"position\":1,\"name\":\"Home\",\"item\":\"https:\/\/aprh.pt\/pt\/\"},{\"@type\":\"ListItem\",\"position\":2,\"name\":\"16\u00ba Congresso da \u00c1gua &#8211; Comiss\u00f5es\"}]},{\"@type\":\"WebSite\",\"@id\":\"https:\/\/aprh.pt\/pt\/#website\",\"url\":\"https:\/\/aprh.pt\/pt\/\",\"name\":\"APRH\",\"description\":\"Associa\u00e7\u00e3o Portuguesa dos Recursos H\u00eddricos\",\"publisher\":{\"@id\":\"https:\/\/aprh.pt\/pt\/#organization\"},\"potentialAction\":[{\"@type\":\"SearchAction\",\"target\":{\"@type\":\"EntryPoint\",\"urlTemplate\":\"https:\/\/aprh.pt\/pt\/?s={search_term_string}\"},\"query-input\":{\"@type\":\"PropertyValueSpecification\",\"valueRequired\":true,\"valueName\":\"search_term_string\"}}],\"inLanguage\":\"pt-PT\"},{\"@type\":\"Organization\",\"@id\":\"https:\/\/aprh.pt\/pt\/#organization\",\"name\":\"APRH\",\"url\":\"https:\/\/aprh.pt\/pt\/\",\"logo\":{\"@type\":\"ImageObject\",\"inLanguage\":\"pt-PT\",\"@id\":\"https:\/\/aprh.pt\/pt\/#\/schema\/logo\/image\/\",\"url\":\"https:\/\/aprh.pt\/wp-content\/uploads\/2022\/04\/logotipo.png\",\"contentUrl\":\"https:\/\/aprh.pt\/wp-content\/uploads\/2022\/04\/logotipo.png\",\"width\":181,\"height\":80,\"caption\":\"APRH\"},\"image\":{\"@id\":\"https:\/\/aprh.pt\/pt\/#\/schema\/logo\/image\/\"}}]}<\/script>\n<!-- \/ Yoast SEO plugin. -->","yoast_head_json":{"title":"16\u00ba Congresso da \u00c1gua - Comiss\u00f5es - APRH","robots":{"index":"index","follow":"follow","max-snippet":"max-snippet:-1","max-image-preview":"max-image-preview:large","max-video-preview":"max-video-preview:-1"},"canonical":"https:\/\/aprh.pt\/pt\/16o-congresso-da-agua-comissoes\/","og_locale":"pt_PT","og_type":"article","og_title":"16\u00ba Congresso da \u00c1gua - Comiss\u00f5es - APRH","og_description":"Comiss\u00e3o de Honra (At\u00e9 \u00e0 data) Ministro do Ambiente e da A\u00e7\u00e3o Clim\u00e1ticaDr. Duarte Cordeiro Ministro da Economia e do MarEng.\u00ba Ant\u00f3nio Costa Silva Ministra da Agricultura e da Alimenta\u00e7\u00e3oDra.Maria do C\u00e9u Antunes Baston\u00e1rio da Ordem dos EngenheirosEng.\u00ba Fernando Manuel de Almeida Santos Presidente do Laborat\u00f3rio Nacional de Engenharia CivilEng.\u00aa Laura Caldeira Representante da Associa\u00e7\u00e3o [&hellip;]","og_url":"https:\/\/aprh.pt\/pt\/16o-congresso-da-agua-comissoes\/","og_site_name":"APRH","article_modified_time":"2023-02-07T12:24:33+00:00","og_image":[{"url":"https:\/\/www.aprh.pt\/wp-content\/uploads\/2022\/11\/JPG3.jpg"}],"twitter_card":"summary_large_image","twitter_misc":{"Tempo estimado de leitura":"3 minutos"},"schema":{"@context":"https:\/\/schema.org","@graph":[{"@type":"WebPage","@id":"https:\/\/aprh.pt\/pt\/16o-congresso-da-agua-comissoes\/","url":"https:\/\/aprh.pt\/pt\/16o-congresso-da-agua-comissoes\/","name":"16\u00ba Congresso da \u00c1gua - Comiss\u00f5es - APRH","isPartOf":{"@id":"https:\/\/aprh.pt\/pt\/#website"},"primaryImageOfPage":{"@id":"https:\/\/aprh.pt\/pt\/16o-congresso-da-agua-comissoes\/#primaryimage"},"image":{"@id":"https:\/\/aprh.pt\/pt\/16o-congresso-da-agua-comissoes\/#primaryimage"},"thumbnailUrl":"https:\/\/www.aprh.pt\/wp-content\/uploads\/2022\/11\/JPG3.jpg","datePublished":"2022-11-16T11:15:26+00:00","dateModified":"2023-02-07T12:24:33+00:00","breadcrumb":{"@id":"https:\/\/aprh.pt\/pt\/16o-congresso-da-agua-comissoes\/#breadcrumb"},"inLanguage":"pt-PT","potentialAction":[{"@type":"ReadAction","target":["https:\/\/aprh.pt\/pt\/16o-congresso-da-agua-comissoes\/"]}]},{"@type":"ImageObject","inLanguage":"pt-PT","@id":"https:\/\/aprh.pt\/pt\/16o-congresso-da-agua-comissoes\/#primaryimage","url":"https:\/\/www.aprh.pt\/wp-content\/uploads\/2022\/11\/JPG3.jpg","contentUrl":"https:\/\/www.aprh.pt\/wp-content\/uploads\/2022\/11\/JPG3.jpg"},{"@type":"BreadcrumbList","@id":"https:\/\/aprh.pt\/pt\/16o-congresso-da-agua-comissoes\/#breadcrumb","itemListElement":[{"@type":"ListItem","position":1,"name":"Home","item":"https:\/\/aprh.pt\/pt\/"},{"@type":"ListItem","position":2,"name":"16\u00ba Congresso da \u00c1gua &#8211; Comiss\u00f5es"}]},{"@type":"WebSite","@id":"https:\/\/aprh.pt\/pt\/#website","url":"https:\/\/aprh.pt\/pt\/","name":"APRH","description":"Associa\u00e7\u00e3o Portuguesa dos Recursos H\u00eddricos","publisher":{"@id":"https:\/\/aprh.pt\/pt\/#organization"},"potentialAction":[{"@type":"SearchAction","target":{"@type":"EntryPoint","urlTemplate":"https:\/\/aprh.pt\/pt\/?s={search_term_string}"},"query-input":{"@type":"PropertyValueSpecification","valueRequired":true,"valueName":"search_term_string"}}],"inLanguage":"pt-PT"},{"@type":"Organization","@id":"https:\/\/aprh.pt\/pt\/#organization","name":"APRH","url":"https:\/\/aprh.pt\/pt\/","logo":{"@type":"ImageObject","inLanguage":"pt-PT","@id":"https:\/\/aprh.pt\/pt\/#\/schema\/logo\/image\/","url":"https:\/\/aprh.pt\/wp-content\/uploads\/2022\/04\/logotipo.png","contentUrl":"https:\/\/aprh.pt\/wp-content\/uploads\/2022\/04\/logotipo.png","width":181,"height":80,"caption":"APRH"},"image":{"@id":"https:\/\/aprh.pt\/pt\/#\/schema\/logo\/image\/"}}]}},"_links":{"self":[{"href":"https:\/\/aprh.pt\/pt\/wp-json\/wp\/v2\/pages\/58872","targetHints":{"allow":["GET"]}}],"collection":[{"href":"https:\/\/aprh.pt\/pt\/wp-json\/wp\/v2\/pages"}],"about":[{"href":"https:\/\/aprh.pt\/pt\/wp-json\/wp\/v2\/types\/page"}],"author":[{"embeddable":true,"href":"https:\/\/aprh.pt\/pt\/wp-json\/wp\/v2\/users\/2"}],"replies":[{"embeddable":true,"href":"https:\/\/aprh.pt\/pt\/wp-json\/wp\/v2\/comments?post=58872"}],"version-history":[{"count":67,"href":"https:\/\/aprh.pt\/pt\/wp-json\/wp\/v2\/pages\/58872\/revisions"}],"predecessor-version":[{"id":64283,"href":"https:\/\/aprh.pt\/pt\/wp-json\/wp\/v2\/pages\/58872\/revisions\/64283"}],"wp:attachment":[{"href":"https:\/\/aprh.pt\/pt\/wp-json\/wp\/v2\/media?parent=58872"}],"curies":[{"name":"wp","href":"https:\/\/api.w.org\/{rel}","templated":true}]}}